{"id":3560,"date":"2026-08-07T09:08:12","date_gmt":"2026-08-07T15:08:12","guid":{"rendered":"https:\/\/horizonte.ccr.edu.mx\/?page_id=3560"},"modified":"2026-08-07T09:38:05","modified_gmt":"2026-08-07T15:38:05","slug":"inicio","status":"publish","type":"page","link":"https:\/\/horizonte.ccr.edu.mx\/","title":{"rendered":"Inicio"},"content":{"rendered":"\n<div class=\"wp-block-ultimate-post-row alignfull ultp-block-19271b\"><div class=\"ultp-row-wrapper\"><div class=\"ultp-row-content\">\n<div class=\"wp-block-ultimate-post-column ultp-block-9f23c8\"><div class=\"ultp-column-wrapper\"><div  class=\"wp-block-ultimate-post-heading ultp-block-d9870b\"><div class=\"ultp-block-wrapper\"><div class=\"ultp-heading-wrap ultp-heading-style1 ultp-heading-center\"><h2 class=\"ultp-heading-inner\"><span>Revista Institucional | iESCR<\/span><\/h2><div class=\"ultp-sub-heading\"><div class=\"ultp-sub-heading-inner\">INUESTRA VOZ AL MUNDO<\/div><\/div><\/div><\/div><\/div><\/div><\/div>\n<\/div><\/div><\/div>\n\n\n<div  class=\"wp-block-ultimate-post-post-slider-1 ultp-block-577fde alignfull\"><div class=\"ultp-block-wrapper\"><div class=\"ultp-block-items-wrap\" data-arrows=\"1\" data-dots=\"\" data-autoplay=\"1\" data-slidespeed=\"3000\" data-fade=\"1\" data-slidelg=\"1\" data-slidesm=\"1\" data-slidexs=\"1\"><div class=\"ultp-block-item post-id-3576\"><div><div class=\"ultp-block-slider-wrap\"><div class=\"ultp-block-image-inner\"><div class=\"ultp-block-image \"><a href=\"https:\/\/horizonte.ccr.edu.mx\/?p=3576\" ><img decoding=\"async\"  alt=\"Ilustraci\u00f3n conceptual de un cerebro humano mitad libro abierto, mitad red neuronal, representando el equilibrio entre memoria y tecnolog\u00eda en la educaci\u00f3n\"  src=\"https:\/\/horizonte.ccr.edu.mx\/wp-content\/uploads\/2026\/08\/imagen-destacada-educacion-rota-revista-horizonte.png\" \/><\/a><\/div><\/div><div class=\"ultp-block-content ultp-block-content-middlePosition ultp-block-content-centerPosition\"><div class=\"ultp-block-content-inner\"><div class=\"ultp-category-grid ultp-category-classic ultp-category-aboveTitle\"><div class=\"ultp-category-in\"><a class=\"ultp-cat-educacion-pedagogia\" href=\"https:\/\/horizonte.ccr.edu.mx\/?cat=22\"  >Educaci\u00f3n &amp; Pedagog\u00eda<\/a><a class=\"ultp-cat-pensamiento-sociedad\" href=\"https:\/\/horizonte.ccr.edu.mx\/?cat=20\"  >Pensamiento &amp; Sociedad<\/a><\/div><\/div><h3 class=\"ultp-block-title \"><a href=\"https:\/\/horizonte.ccr.edu.mx\/?p=3576\" >La Educaci\u00f3n no est\u00e1 rota: est\u00e1 mal dise\u00f1ada. Lo que la ciencia cognitiva dice sobre tecnolog\u00eda, memoria y esfuerzo en el aula universitaria<\/a><\/h3><div class=\"ultp-block-excerpt\"><p>La educaci\u00f3n no est\u00e1 rota: est\u00e1 mal dise\u00f1ada Un contraste riguroso, con evidencia cient\u00edfica, entre el discurso viral que culpa a la tecnolog\u00eda y la gamificaci\u00f3n del deterioro educativo, y lo que la investigaci\u00f3n en psicolog\u00eda cognitiva realmente demuestra sobre&hellip;<\/p>\n<\/div><div class=\"ultp-block-readmore\"><a aria-label=\"La Educaci\u00f3n no est\u00e1 rota: est\u00e1 mal dise\u00f1ada. Lo que la ciencia cognitiva dice sobre tecnolog\u00eda, memoria y esfuerzo en el aula universitaria\" href=\"https:\/\/horizonte.ccr.edu.mx\/?p=3576\" >Leer m\u00e1s<svg xmlns=\"http:\/\/www.w3.org\/2000\/svg\" fill=\"none\" viewBox=\"0 0 24 24\">\n  <path stroke=\"currentColor\" stroke-linecap=\"round\" stroke-linejoin=\"round\" stroke-width=\"1.5\" d=\"m12 20.5 8.5-8.5m0 0L12 3.5m8.5 8.5h-17\"\/>\n<\/svg>\n<\/a><\/div><\/div><\/div><\/div><\/div><\/div><div class=\"ultp-block-item post-id-3572\"><div><div class=\"ultp-block-slider-wrap\"><div class=\"ultp-block-image-inner\"><div class=\"ultp-block-image \"><a href=\"https:\/\/horizonte.ccr.edu.mx\/?p=3572\" ><img decoding=\"async\"  alt=\"Joven universitario concentrado en la lectura de un libro iluminado, rodeado de elementos digitales difusos que simbolizan las redes sociales y las distracciones tecnol\u00f3gicas.\"  src=\"https:\/\/horizonte.ccr.edu.mx\/wp-content\/uploads\/2026\/08\/lectura-profunda-era-digital.jpg.png\" \/><\/a><\/div><\/div><div class=\"ultp-block-content ultp-block-content-middlePosition ultp-block-content-centerPosition\"><div class=\"ultp-block-content-inner\"><div class=\"ultp-category-grid ultp-category-classic ultp-category-aboveTitle\"><div class=\"ultp-category-in\"><a class=\"ultp-cat-educacion-pedagogia\" href=\"https:\/\/horizonte.ccr.edu.mx\/?cat=22\"  >Educaci\u00f3n &amp; Pedagog\u00eda<\/a><\/div><\/div><h3 class=\"ultp-block-title \"><a href=\"https:\/\/horizonte.ccr.edu.mx\/?p=3572\" >El ocaso de la lectura profunda<\/a><\/h3><div class=\"ultp-block-excerpt\"><p>Enfrentamos una crisis silenciosa en la educaci\u00f3n superior: el colapso de la comprensi\u00f3n lectora. \u00bfC\u00f3mo impacta el llamado \u201canalfabetismo ilustrado\u201d a los estudiantes universitarios en M\u00e9xico? Este art\u00edculo examina la evidencia internacional y nacional detr\u00e1s del fen\u00f3meno, y propone v\u00edas&hellip;<\/p>\n<\/div><div class=\"ultp-block-readmore\"><a aria-label=\"El ocaso de la lectura profunda\" href=\"https:\/\/horizonte.ccr.edu.mx\/?p=3572\" >Leer m\u00e1s<svg xmlns=\"http:\/\/www.w3.org\/2000\/svg\" fill=\"none\" viewBox=\"0 0 24 24\">\n  <path stroke=\"currentColor\" stroke-linecap=\"round\" stroke-linejoin=\"round\" stroke-width=\"1.5\" d=\"m12 20.5 8.5-8.5m0 0L12 3.5m8.5 8.5h-17\"\/>\n<\/svg>\n<\/a><\/div><\/div><\/div><\/div><\/div><\/div><div class=\"ultp-block-item post-id-3544\"><div><div class=\"ultp-block-slider-wrap\"><div class=\"ultp-block-image-inner\"><div class=\"ultp-block-image \"><a href=\"https:\/\/horizonte.ccr.edu.mx\/?p=3544\" ><img decoding=\"async\"  alt=\"Toga y Birrete\"  src=\"https:\/\/horizonte.ccr.edu.mx\/wp-content\/uploads\/2026\/08\/ImdDestacadaArticuloRescatar-scaled.png\" \/><\/a><\/div><\/div><div class=\"ultp-block-content ultp-block-content-middlePosition ultp-block-content-centerPosition\"><div class=\"ultp-block-content-inner\"><div class=\"ultp-category-grid ultp-category-classic ultp-category-aboveTitle\"><div class=\"ultp-category-in\"><a class=\"ultp-cat-educacion-pedagogia\" href=\"https:\/\/horizonte.ccr.edu.mx\/?cat=22\"  >Educaci\u00f3n &amp; Pedagog\u00eda<\/a><\/div><\/div><h3 class=\"ultp-block-title \"><a href=\"https:\/\/horizonte.ccr.edu.mx\/?p=3544\" >La vestidura del saber: historia, mitos y banalizaci\u00f3n de la toga y el birrete<\/a><\/h3><div class=\"ultp-block-excerpt\"><p>\u00bfHemos devaluado los s\u00edmbolos del \u00e9xito acad\u00e9mico? Este art\u00edculo nos invita a realizar un viaje desde las aulas de piedra medievales hasta las graduaciones escolares contempor\u00e1neas para descubrir c\u00f3mo la toga y el birrete pasaron de ser un emblema de&hellip;<\/p>\n<\/div><div class=\"ultp-block-readmore\"><a aria-label=\"La vestidura del saber: historia, mitos y banalizaci\u00f3n de la toga y el birrete\" href=\"https:\/\/horizonte.ccr.edu.mx\/?p=3544\" >Leer m\u00e1s<svg xmlns=\"http:\/\/www.w3.org\/2000\/svg\" fill=\"none\" viewBox=\"0 0 24 24\">\n  <path stroke=\"currentColor\" stroke-linecap=\"round\" stroke-linejoin=\"round\" stroke-width=\"1.5\" d=\"m12 20.5 8.5-8.5m0 0L12 3.5m8.5 8.5h-17\"\/>\n<\/svg>\n<\/a><\/div><\/div><\/div><\/div><\/div><\/div><div class=\"ultp-block-item post-id-3539\"><div><div class=\"ultp-block-slider-wrap\"><div class=\"ultp-block-image-inner\"><div class=\"ultp-block-image \"><a href=\"https:\/\/horizonte.ccr.edu.mx\/?p=3539\" ><img decoding=\"async\"  alt=\"\u00bfMenos pantallas y m\u00e1s cl\u00e1sicos?: Por qu\u00e9 la p\u00e9rdida de las Humanidades nos est\u00e1 enfermando\"  src=\"https:\/\/horizonte.ccr.edu.mx\/wp-content\/uploads\/2026\/07\/MenosPantallasMasClasicos.png\" \/><\/a><\/div><\/div><div class=\"ultp-block-content ultp-block-content-middlePosition ultp-block-content-centerPosition\"><div class=\"ultp-block-content-inner\"><div class=\"ultp-category-grid ultp-category-classic ultp-category-aboveTitle\"><div class=\"ultp-category-in\"><a class=\"ultp-cat-educacion-pedagogia\" href=\"https:\/\/horizonte.ccr.edu.mx\/?cat=22\"  >Educaci\u00f3n &amp; Pedagog\u00eda<\/a><\/div><\/div><h3 class=\"ultp-block-title \"><a href=\"https:\/\/horizonte.ccr.edu.mx\/?p=3539\" >\u00bfMenos pantallas y m\u00e1s cl\u00e1sicos?: Por qu\u00e9 la p\u00e9rdida de las Humanidades nos est\u00e1 enfermando<\/a><\/h3><div class=\"ultp-block-excerpt\"><p>Podemos llegar a Marte, pero seguimos sin saber qu\u00e9 hacer con el vac\u00edo del domingo por la tarde. El psiquiatra Luis Guti\u00e9rrez Rojas sostiene que la crisis de salud mental de Occidente no se resuelve con m\u00e1s tecnolog\u00eda, sino con&hellip;<\/p>\n<\/div><div class=\"ultp-block-readmore\"><a aria-label=\"\u00bfMenos pantallas y m\u00e1s cl\u00e1sicos?: Por qu\u00e9 la p\u00e9rdida de las Humanidades nos est\u00e1 enfermando\" href=\"https:\/\/horizonte.ccr.edu.mx\/?p=3539\" >Leer m\u00e1s<svg xmlns=\"http:\/\/www.w3.org\/2000\/svg\" fill=\"none\" viewBox=\"0 0 24 24\">\n  <path stroke=\"currentColor\" stroke-linecap=\"round\" stroke-linejoin=\"round\" stroke-width=\"1.5\" d=\"m12 20.5 8.5-8.5m0 0L12 3.5m8.5 8.5h-17\"\/>\n<\/svg>\n<\/a><\/div><\/div><\/div><\/div><\/div><\/div><div class=\"ultp-block-item post-id-3536\"><div><div class=\"ultp-block-slider-wrap\"><div class=\"ultp-block-image-inner\"><div class=\"ultp-block-image \"><a href=\"https:\/\/horizonte.ccr.edu.mx\/?p=3536\" ><img decoding=\"async\"  alt=\"Perspectivas en Tensi\u00f3n\"  src=\"https:\/\/horizonte.ccr.edu.mx\/wp-content\/uploads\/2026\/07\/PerspectivasTension.png\" \/><\/a><\/div><\/div><div class=\"ultp-block-content ultp-block-content-middlePosition ultp-block-content-centerPosition\"><div class=\"ultp-block-content-inner\"><div class=\"ultp-category-grid ultp-category-classic ultp-category-aboveTitle\"><div class=\"ultp-category-in\"><a class=\"ultp-cat-pensamiento-sociedad\" href=\"https:\/\/horizonte.ccr.edu.mx\/?cat=20\"  >Pensamiento &amp; Sociedad<\/a><\/div><\/div><h3 class=\"ultp-block-title \"><a href=\"https:\/\/horizonte.ccr.edu.mx\/?p=3536\" >Perspectivas en Tensi\u00f3n: La Redefinici\u00f3n de la Masculinidad y el Feminismo de la Igualdad en la Juventud Actual<\/a><\/h3><div class=\"ultp-block-excerpt\"><p>\u00bfFrente a una crisis de la masculinidad o ante la consolidaci\u00f3n de la igualdad? Este art\u00edculo analiza la tensi\u00f3n entre las narrativas digitales que a\u00f1oran los roles de g\u00e9nero tradicionales y la postura de la juventud actual, que exige una&hellip;<\/p>\n<\/div><div class=\"ultp-block-readmore\"><a aria-label=\"Perspectivas en Tensi\u00f3n: La Redefinici\u00f3n de la Masculinidad y el Feminismo de la Igualdad en la Juventud Actual\" href=\"https:\/\/horizonte.ccr.edu.mx\/?p=3536\" >Leer m\u00e1s<svg xmlns=\"http:\/\/www.w3.org\/2000\/svg\" fill=\"none\" viewBox=\"0 0 24 24\">\n  <path stroke=\"currentColor\" stroke-linecap=\"round\" stroke-linejoin=\"round\" stroke-width=\"1.5\" d=\"m12 20.5 8.5-8.5m0 0L12 3.5m8.5 8.5h-17\"\/>\n<\/svg>\n<\/a><\/div><\/div><\/div><\/div><\/div><\/div><\/div><div class=\"ultp-slick-nav\" style=\"display:none\"><div class=\"ultp-slick-prev\"><div class=\"slick-arrow slick-prev\"><svg xmlns=\"http:\/\/www.w3.org\/2000\/svg\" fill=\"none\" viewBox=\"0 0 24 24\">\n  <path stroke=\"currentColor\" stroke-linecap=\"round\" stroke-linejoin=\"round\" stroke-width=\"1.5\" d=\"M12 20.5 3.5 12m0 0L12 3.5M3.5 12h17\"\/>\n<\/svg>\n<\/div><\/div><div class=\"ultp-slick-next\"><div class=\"slick-arrow slick-next\"><svg xmlns=\"http:\/\/www.w3.org\/2000\/svg\" fill=\"none\" viewBox=\"0 0 24 24\">\n  <path stroke=\"currentColor\" stroke-linecap=\"round\" stroke-linejoin=\"round\" stroke-width=\"1.5\" d=\"m12 20.5 8.5-8.5m0 0L12 3.5m8.5 8.5h-17\"\/>\n<\/svg>\n<\/div><\/div><\/div><\/div><\/div>\n\n\n<div class=\"wp-block-ultimate-post-row alignfull ultp-block-520ea3\"><div class=\"ultp-row-wrapper\"><div class=\"ultp-row-content\">\n<div class=\"wp-block-ultimate-post-column ultp-block-47086b\"><div class=\"ultp-column-wrapper\"><div  class=\"wp-block-ultimate-post-heading ultp-block-ed70d8\"><div class=\"ultp-block-wrapper\"><div class=\"ultp-heading-wrap ultp-heading-style1 ultp-heading-left\"><h2 class=\"ultp-heading-inner\"><span>\u00daltimas publicaciones<\/span><\/h2><\/div><\/div><\/div>\n\n\n<div class=\"wp-block-ultimate-post-button-group ultp-block-524aa8\"><div class=\"ultp-button-wrapper ultp-button-frontend ultp-anim-none\">\n<a class=\"wp-block-ultimate-post-button ultp-block-4cdb4e ultp-button-layout1\" href=\"https:\/\/postxkit.wpxpo.com\/space\/blog\" target=\"_self\" rel=\"noopener\"><div class=\"ultp-button-text\">All Posts<\/div><\/a>\n<\/div><\/div>\n\n\n\n<div class=\"wp-block-ultimate-post-post-grid-parent ultp-post-grid-parent\" data-grids=\"[{&quot;blockId&quot;:&quot;c487f0&quot;,&quot;name&quot;:&quot;ultimate-post_post-grid-1&quot;}]\" data-pagi=\"[]\"><div  class=\"ultp-post-grid-block wp-block-ultimate-post-post-grid-1 ultp-block-c487f0  \"><div class=\"ultp-block-wrapper\" ><div class=\"ultp-loading\"><div class=\"ultp-loading-blocks\" style=\"width:100%;height:100%;\"><div style=\"left: 0;top: 0;animation-delay:0s;\"><\/div><div style=\"left: 21px;top: 0;animation-delay:0.125s;\"><\/div><div style=\"left: 42px;top: 0;animation-delay:0.25s;\"><\/div><div style=\"left: 0;top: 21px;animation-delay:0.875s;\"><\/div><div style=\"left: 42px;top: 21px;animation-delay:0.375s;\"><\/div><div style=\"left: 0;top: 42px;animation-delay:0.75s;\"><\/div><div style=\"left: 42px;top: 42px;animation-delay:0.625s;\"><\/div><div style=\"left: 21px;top: 42px;animation-delay:0.5s;\"><\/div><\/div><\/div><div class=\"ultp-block-items-wrap ultp-block-row ultp-pg1a-style1 ultp-grid1-responsive ultp-block-column-2 ultp-sm-column-2 ultp-xs-column-1 ultp-layout1\"><div class=\"ultp-block-item post-id-3532\"><div class=\"ultp-block-content-wrap\"><div class=\"ultp-block-image ultp-block-image-zoomOut\"><a href=\"https:\/\/horizonte.ccr.edu.mx\/?p=3532\" ><img decoding=\"async\"  class=\"ultp-block-image-content\"  alt=\"La comodidad\"  src=\"https:\/\/horizonte.ccr.edu.mx\/wp-content\/uploads\/2026\/07\/comodidad.png\" \/><\/a><div class=\"ultp-category-img-grid\"><div class=\"ultp-category-grid ultp-category-classic ultp-category-topLeft\"><div class=\"ultp-category-in\"><a class=\"ultp-cat-pensamiento-sociedad\" href=\"https:\/\/horizonte.ccr.edu.mx\/?cat=20\"  >Pensamiento &amp; Sociedad<\/a><\/div><\/div><\/div><\/div><div class=\"ultp-block-content\"><h3 class=\"ultp-block-title \"><a href=\"https:\/\/horizonte.ccr.edu.mx\/?p=3532\" >La paradoja de la Comodidad.<\/a><\/h3><div class=\"ultp-block-meta ultp-block-meta-dot ultp-block-meta-noIcon\"><span class=\"ultp-block-date ultp-block-meta-element\">julio 8, 2026<\/span><\/div><\/div><\/div><\/div><div class=\"ultp-block-item post-id-3529\"><div class=\"ultp-block-content-wrap\"><div class=\"ultp-block-image ultp-block-image-zoomOut\"><a href=\"https:\/\/horizonte.ccr.edu.mx\/?p=3529\" ><img decoding=\"async\"  class=\"ultp-block-image-content\"  alt=\"Amor y rigor\"  src=\"https:\/\/horizonte.ccr.edu.mx\/wp-content\/uploads\/2026\/07\/amorRigor.png\" \/><\/a><div class=\"ultp-category-img-grid\"><div class=\"ultp-category-grid ultp-category-classic ultp-category-topLeft\"><div class=\"ultp-category-in\"><a class=\"ultp-cat-pensamiento-sociedad\" href=\"https:\/\/horizonte.ccr.edu.mx\/?cat=20\"  >Pensamiento &amp; Sociedad<\/a><\/div><\/div><\/div><\/div><div class=\"ultp-block-content\"><h3 class=\"ultp-block-title \"><a href=\"https:\/\/horizonte.ccr.edu.mx\/?p=3529\" >El arte de apretar con amor.<\/a><\/h3><div class=\"ultp-block-meta ultp-block-meta-dot ultp-block-meta-noIcon\"><span class=\"ultp-block-date ultp-block-meta-element\">julio 8, 2026<\/span><\/div><\/div><\/div><\/div><div class=\"ultp-block-item post-id-3522\"><div class=\"ultp-block-content-wrap\"><div class=\"ultp-block-image ultp-block-image-zoomOut\"><a href=\"https:\/\/horizonte.ccr.edu.mx\/?p=3522\" ><img decoding=\"async\"  class=\"ultp-block-image-content\"  alt=\"Lo que dice tu nombre de t\u00ed (seg\u00fan la ciencia)\"  src=\"https:\/\/horizonte.ccr.edu.mx\/wp-content\/uploads\/2026\/07\/tuNombre.png\" \/><\/a><div class=\"ultp-category-img-grid\"><div class=\"ultp-category-grid ultp-category-classic ultp-category-topLeft\"><div class=\"ultp-category-in\"><a class=\"ultp-cat-pensamiento-sociedad\" href=\"https:\/\/horizonte.ccr.edu.mx\/?cat=20\"  >Pensamiento &amp; Sociedad<\/a><\/div><\/div><\/div><\/div><div class=\"ultp-block-content\"><h3 class=\"ultp-block-title \"><a href=\"https:\/\/horizonte.ccr.edu.mx\/?p=3522\" >Lo que dice tu nombre de t\u00ed (seg\u00fan la ciencia)<\/a><\/h3><div class=\"ultp-block-meta ultp-block-meta-dot ultp-block-meta-noIcon\"><span class=\"ultp-block-date ultp-block-meta-element\">julio 6, 2026<\/span><\/div><\/div><\/div><\/div><div class=\"ultp-block-item post-id-3513\"><div class=\"ultp-block-content-wrap\"><div class=\"ultp-block-image ultp-block-image-zoomOut\"><a href=\"https:\/\/horizonte.ccr.edu.mx\/?p=3513\" ><img decoding=\"async\"  class=\"ultp-block-image-content\"  alt=\"Collage Alumnos\"  src=\"https:\/\/horizonte.ccr.edu.mx\/wp-content\/uploads\/2026\/06\/CollageImagenesCriminologia.png\" \/><\/a><div class=\"ultp-category-img-grid\"><div class=\"ultp-category-grid ultp-category-classic ultp-category-topLeft\"><div class=\"ultp-category-in\"><a class=\"ultp-cat-educacion-pedagogia\" href=\"https:\/\/horizonte.ccr.edu.mx\/?cat=22\"  >Educaci\u00f3n &amp; Pedagog\u00eda<\/a><\/div><\/div><\/div><\/div><div class=\"ultp-block-content\"><h3 class=\"ultp-block-title \"><a href=\"https:\/\/horizonte.ccr.edu.mx\/?p=3513\" >FORMAR CON HUMANIDAD EN LA ERA DE LA IA: ENTREVISTAS&hellip;<\/a><\/h3><div class=\"ultp-block-meta ultp-block-meta-dot ultp-block-meta-noIcon\"><span class=\"ultp-block-date ultp-block-meta-element\">junio 13, 2026<\/span><\/div><\/div><\/div><\/div><span style='display: none;' class='ultp-current-unique-posts' data-ultp-unique-ids= {\"group1\":[3576,3572,3544,3539,3536,3532,3529,3522,3513]} data-current-unique-posts= [3532,3529,3522,3513]> <\/span><\/div><\/div><div class=\"pagination-block-html\" aria-hidden=\"true\" style=\"display: none;\"><\/div><\/div><\/div>\n<\/div><\/div>\n<\/div><\/div><\/div>\n\n\n\n<div class=\"wp-block-ultimate-post-row alignfull ultp-block-95e9e1\"><div class=\"ultp-row-wrapper\"><div class=\"ultp-row-content\">\n<div class=\"wp-block-ultimate-post-column ultp-block-ea58f8\"><div class=\"ultp-column-wrapper\"><div  class=\"wp-block-ultimate-post-heading ultp-block-752458\"><div class=\"ultp-block-wrapper\"><div class=\"ultp-heading-wrap ultp-heading-style1 ultp-heading-left\"><h2 class=\"ultp-heading-inner\"><span>Secciones principales<\/span><\/h2><\/div><\/div><\/div><\/div><\/div>\n<\/div><\/div><\/div>\n\n\n\n<div class=\"wp-block-ultimate-post-row alignfull ultp-block-c7d313\"><div class=\"ultp-row-wrapper\"><div class=\"ultp-row-content\">\n<div class=\"wp-block-ultimate-post-column ultp-block-577683\"><div class=\"ultp-column-wrapper\"><div  class=\"ultp-post-grid-block wp-block-ultimate-post-post-list-3 ultp-block-83402d \"><div class=\"ultp-block-wrapper\" ><div class=\"ultp-loading\"><div class=\"ultp-loading-blocks\" style=\"width:100%;height:100%;\"><div style=\"left: 0;top: 0;animation-delay:0s;\"><\/div><div style=\"left: 21px;top: 0;animation-delay:0.125s;\"><\/div><div style=\"left: 42px;top: 0;animation-delay:0.25s;\"><\/div><div style=\"left: 0;top: 21px;animation-delay:0.875s;\"><\/div><div style=\"left: 42px;top: 21px;animation-delay:0.375s;\"><\/div><div style=\"left: 0;top: 42px;animation-delay:0.75s;\"><\/div><div style=\"left: 42px;top: 42px;animation-delay:0.625s;\"><\/div><div style=\"left: 21px;top: 42px;animation-delay:0.5s;\"><\/div><\/div><\/div><div class=\"ultp-block-items-wrap ultp-block-row ultp-block-column-1 ultp-block-content-middle ultp-layout1\"><div class=\"ultp-block-item ultp-block-media post-id-3576\"><div class=\"ultp-block-content-wrap\"><div class=\"ultp-block-image ultp-block-image-none\"><a href=\"https:\/\/horizonte.ccr.edu.mx\/?p=3576\" ><img decoding=\"async\"  alt=\"Ilustraci\u00f3n conceptual de un cerebro humano mitad libro abierto, mitad red neuronal, representando el equilibrio entre memoria y tecnolog\u00eda en la educaci\u00f3n\"  src=\"https:\/\/horizonte.ccr.edu.mx\/wp-content\/uploads\/2026\/08\/imagen-destacada-educacion-rota-revista-horizonte-870x570.png\" \/><\/a><\/div><div class=\"ultp-block-content\"><div class=\"ultp-category-grid ultp-category-classic ultp-category-aboveTitle\"><div class=\"ultp-category-in\"><a class=\"ultp-cat-educacion-pedagogia\" href=\"https:\/\/horizonte.ccr.edu.mx\/?cat=22\"  >Educaci\u00f3n &amp; Pedagog\u00eda<\/a><\/div><\/div><h3 class=\"ultp-block-title \"><a href=\"https:\/\/horizonte.ccr.edu.mx\/?p=3576\" >La Educaci\u00f3n no est\u00e1 rota: est\u00e1 mal dise\u00f1ada. Lo que la ciencia cognitiva dice sobre tecnolog\u00eda, memoria y esfuerzo en el aula universitaria<\/a><\/h3><div class=\"ultp-block-meta ultp-block-meta-dot ultp-block-meta-noIcon\"><span class=\"ultp-block-date ultp-block-meta-element\">agosto 22, 2026<\/span><\/div><div class=\"ultp-block-readmore\"><a aria-label=\"La Educaci\u00f3n no est\u00e1 rota: est\u00e1 mal dise\u00f1ada. Lo que la ciencia cognitiva dice sobre tecnolog\u00eda, memoria y esfuerzo en el aula universitaria\" href=\"https:\/\/horizonte.ccr.edu.mx\/?p=3576\" >Leer m\u00e1s<\/a><\/div><\/div><\/div><\/div><div class=\"ultp-block-item ultp-block-media post-id-3572\"><div class=\"ultp-block-content-wrap\"><div class=\"ultp-block-image ultp-block-image-none\"><a href=\"https:\/\/horizonte.ccr.edu.mx\/?p=3572\" ><img decoding=\"async\"  alt=\"Joven universitario concentrado en la lectura de un libro iluminado, rodeado de elementos digitales difusos que simbolizan las redes sociales y las distracciones tecnol\u00f3gicas.\"  src=\"https:\/\/horizonte.ccr.edu.mx\/wp-content\/uploads\/2026\/08\/lectura-profunda-era-digital.jpg-870x570.png\" \/><\/a><\/div><div class=\"ultp-block-content\"><div class=\"ultp-category-grid ultp-category-classic ultp-category-aboveTitle\"><div class=\"ultp-category-in\"><a class=\"ultp-cat-educacion-pedagogia\" href=\"https:\/\/horizonte.ccr.edu.mx\/?cat=22\"  >Educaci\u00f3n &amp; Pedagog\u00eda<\/a><\/div><\/div><h3 class=\"ultp-block-title \"><a href=\"https:\/\/horizonte.ccr.edu.mx\/?p=3572\" >El ocaso de la lectura profunda<\/a><\/h3><div class=\"ultp-block-meta ultp-block-meta-dot ultp-block-meta-noIcon\"><span class=\"ultp-block-date ultp-block-meta-element\">agosto 21, 2026<\/span><\/div><div class=\"ultp-block-readmore\"><a aria-label=\"El ocaso de la lectura profunda\" href=\"https:\/\/horizonte.ccr.edu.mx\/?p=3572\" >Leer m\u00e1s<\/a><\/div><\/div><\/div><\/div><div class=\"ultp-block-item ultp-block-media post-id-3544\"><div class=\"ultp-block-content-wrap\"><div class=\"ultp-block-image ultp-block-image-none\"><a href=\"https:\/\/horizonte.ccr.edu.mx\/?p=3544\" ><img decoding=\"async\"  alt=\"Toga y Birrete\"  src=\"https:\/\/horizonte.ccr.edu.mx\/wp-content\/uploads\/2026\/08\/ImdDestacadaArticuloRescatar-scaled.png\" \/><\/a><\/div><div class=\"ultp-block-content\"><div class=\"ultp-category-grid ultp-category-classic ultp-category-aboveTitle\"><div class=\"ultp-category-in\"><a class=\"ultp-cat-educacion-pedagogia\" href=\"https:\/\/horizonte.ccr.edu.mx\/?cat=22\"  >Educaci\u00f3n &amp; Pedagog\u00eda<\/a><\/div><\/div><h3 class=\"ultp-block-title \"><a href=\"https:\/\/horizonte.ccr.edu.mx\/?p=3544\" >La vestidura del saber: historia, mitos y banalizaci\u00f3n de la toga y el birrete<\/a><\/h3><div class=\"ultp-block-meta ultp-block-meta-dot ultp-block-meta-noIcon\"><span class=\"ultp-block-date ultp-block-meta-element\">agosto 5, 2026<\/span><\/div><div class=\"ultp-block-readmore\"><a aria-label=\"La vestidura del saber: historia, mitos y banalizaci\u00f3n de la toga y el birrete\" href=\"https:\/\/horizonte.ccr.edu.mx\/?p=3544\" >Leer m\u00e1s<\/a><\/div><\/div><\/div><\/div><\/div><\/div><div class=\"pagination-block-html\" aria-hidden=\"true\" style=\"display: none;\"><\/div><\/div><\/div><\/div>\n<\/div><\/div><\/div>\n","protected":false},"excerpt":{"rendered":"","protected":false},"author":2,"featured_media":0,"parent":0,"menu_order":0,"comment_status":"closed","ping_status":"closed","template":"","meta":{"footnotes":""},"class_list":["post-3560","page","type-page","status-publish","hentry"],"blocksy_meta":{"has_hero_section":"disabled","styles_descriptor":{"styles":{"desktop":"","tablet":"","mobile":""},"google_fonts":[],"version":6}},"_links":{"self":[{"href":"https:\/\/horizonte.ccr.edu.mx\/index.php?rest_route=\/wp\/v2\/pages\/3560","targetHints":{"allow":["GET"]}}],"collection":[{"href":"https:\/\/horizonte.ccr.edu.mx\/index.php?rest_route=\/wp\/v2\/pages"}],"about":[{"href":"https:\/\/horizonte.ccr.edu.mx\/index.php?rest_route=\/wp\/v2\/types\/page"}],"author":[{"embeddable":true,"href":"https:\/\/horizonte.ccr.edu.mx\/index.php?rest_route=\/wp\/v2\/users\/2"}],"replies":[{"embeddable":true,"href":"https:\/\/horizonte.ccr.edu.mx\/index.php?rest_route=%2Fwp%2Fv2%2Fcomments&post=3560"}],"version-history":[{"count":6,"href":"https:\/\/horizonte.ccr.edu.mx\/index.php?rest_route=\/wp\/v2\/pages\/3560\/revisions"}],"predecessor-version":[{"id":3570,"href":"https:\/\/horizonte.ccr.edu.mx\/index.php?rest_route=\/wp\/v2\/pages\/3560\/revisions\/3570"}],"wp:attachment":[{"href":"https:\/\/horizonte.ccr.edu.mx\/index.php?rest_route=%2Fwp%2Fv2%2Fmedia&parent=3560"}],"curies":[{"name":"wp","href":"https:\/\/api.w.org\/{rel}","templated":true}]}}